{"id":5369,"date":"2022-09-14T09:55:35","date_gmt":"2022-09-14T07:55:35","guid":{"rendered":"https:\/\/www.vinquotidien.com\/?post_type=product&#038;p=5369"},"modified":"2025-10-28T14:47:19","modified_gmt":"2025-10-28T13:47:19","slug":"la-combe-de-malleval-2020-condrieu-domaine-stephane-ogier","status":"publish","type":"product","link":"https:\/\/www.vinquotidien.com\/fr\/produit\/la-combe-de-malleval-2020-condrieu-domaine-stephane-ogier\/","title":{"rendered":"La Combe de Malleval 2023 &#8211; Condrieu &#8211; Domaine St\u00e9phane Ogier"},"content":{"rendered":"<p><strong>Vigneron : <\/strong><br \/>\nDomaine St\u00e9phane Ogier<\/p>\n<p><strong>Appellation : <\/strong><br \/>\nCondrieu<\/p>\n<p><strong>R\u00e9gion :<\/strong><br \/>\nVall\u00e9e du Rh\u00f4ne Sud<\/p>\n<p><strong>Et le vin\u2026<\/strong><br \/>\nC\u00e9pages: 100% Viognier<br \/>\nCette cuv\u00e9e mythique du Domaine Ogier est issue de 2 parcelles de Viognier tr\u00e8s r\u00e9put\u00e9es : \u00ab La Combe \u00bb \u00e0 St Pierre de B\u0153uf et \u00ab Veauvigni\u00e8re \u00bb \u00e0 Malleval<br \/>\nTerroir : Sols granitiques sur les 2 parcelles<br \/>\nVendanges manuelles, tri \u00e0 la parcelle et table de tri \u00e0 l&rsquo;entr\u00e9e de la cuverie<br \/>\nVinification par pressurage direct, fermentation en f\u00fbt de gros contenant (350L et foudre), levures indig\u00e8nes<br \/>\nElevage : 10 mois en barriques sur lies fines<\/p>\n<p><strong>Et dans le verre\u2026<\/strong><br \/>\nRobe jaune p\u00e2le, lumineuse, limpide et brillante<br \/>\nAu nez le bouquet aromatique est une explosion de parfums entre les p\u00eaches et l\u2019abricot, les agrumes (ananas et citron) et des notes miell\u00e9es et vanill\u00e9es plus complexes<br \/>\nEn bouche, ce vin affiche beaucoup de richesse, de rondeur et d&rsquo;\u00e9quilibre gr\u00e2ce \u00e0 une finale rafra\u00eechissante<\/p>\n<p><strong>Accords Mets &amp; Vins : <\/strong><br \/>\nA vin exceptionnel, accord exceptionnel alors pourquoi pas d\u00e9guster ce superbe Condrieu avec des asperges servies chaude ou encore mieux, avec un foie gras<\/p>\n","protected":false},"excerpt":{"rendered":"<p><strong>Vigneron : <\/strong><br \/>\nDomaine St\u00e9phane Ogier<\/p>\n<p><strong>Appellation : <\/strong><br \/>\nCondrieu<\/p>\n<p><strong>R\u00e9gion :<\/strong><br \/>\nVall\u00e9e du Rh\u00f4ne Sud<\/p>\n","protected":false},"featured_media":5370,"comment_status":"open","ping_status":"closed","template":"","meta":[],"product_brand":[],"product_cat":[26,90],"product_tag":[],"class_list":{"0":"post-5369","1":"product","2":"type-product","3":"status-publish","4":"has-post-thumbnail","6":"product_cat-vin-blanc","7":"product_cat-vip-corner","9":"first","10":"instock","11":"taxable","12":"shipping-taxable","13":"purchasable","14":"product-type-simple"},"group_of_quantity":1,"min_quantity":0,"max_quantity":"","exclude_order_quantity_value_rules":"no","exclude_category_quantity_rules":"no","combine_variations":"no","_links":{"self":[{"href":"https:\/\/www.vinquotidien.com\/fr\/wp-json\/wp\/v2\/product\/5369","targetHints":{"allow":["GET"]}}],"collection":[{"href":"https:\/\/www.vinquotidien.com\/fr\/wp-json\/wp\/v2\/product"}],"about":[{"href":"https:\/\/www.vinquotidien.com\/fr\/wp-json\/wp\/v2\/types\/product"}],"replies":[{"embeddable":true,"href":"https:\/\/www.vinquotidien.com\/fr\/wp-json\/wp\/v2\/comments?post=5369"}],"wp:featuredmedia":[{"embeddable":true,"href":"https:\/\/www.vinquotidien.com\/fr\/wp-json\/wp\/v2\/media\/5370"}],"wp:attachment":[{"href":"https:\/\/www.vinquotidien.com\/fr\/wp-json\/wp\/v2\/media?parent=5369"}],"wp:term":[{"taxonomy":"product_brand","embeddable":true,"href":"https:\/\/www.vinquotidien.com\/fr\/wp-json\/wp\/v2\/product_brand?post=5369"},{"taxonomy":"product_cat","embeddable":true,"href":"https:\/\/www.vinquotidien.com\/fr\/wp-json\/wp\/v2\/product_cat?post=5369"},{"taxonomy":"product_tag","embeddable":true,"href":"https:\/\/www.vinquotidien.com\/fr\/wp-json\/wp\/v2\/product_tag?post=5369"}],"curies":[{"name":"wp","href":"https:\/\/api.w.org\/{rel}","templated":true}]}}